{"id":39,"date":"2021-11-03T12:28:01","date_gmt":"2021-11-03T12:28:01","guid":{"rendered":"http:\/\/www.factoriadetrapos.com\/?page_id=39"},"modified":"2021-11-19T19:03:11","modified_gmt":"2021-11-19T19:03:11","slug":"television","status":"publish","type":"page","link":"http:\/\/www.factoriadetrapos.com\/index.php\/television\/","title":{"rendered":"Televisi\u00f3n"},"content":{"rendered":"<p>[et_pb_section fb_built=\u00bb1&#8243; custom_padding_last_edited=\u00bbon|desktop\u00bb admin_label=\u00bbAuthor Section\u00bb _builder_version=\u00bb3.22&#8243; use_background_color_gradient=\u00bbon\u00bb background_color_gradient_start=\u00bb#ffffff\u00bb background_color_gradient_end=\u00bb#f4f4f4&#8243; background_color_gradient_direction=\u00bb90deg\u00bb background_color_gradient_start_position=\u00bb70%\u00bb background_color_gradient_end_position=\u00bb0%\u00bb background_color_gradient_overlays_image=\u00bbon\u00bb parallax=\u00bbon\u00bb min_height=\u00bb1033.3px\u00bb custom_margin=\u00bb|||\u00bb custom_margin_tablet=\u00bb0px|||\u00bb custom_margin_last_edited=\u00bboff|desktop\u00bb custom_padding=\u00bb28px|0|6px|||\u00bb custom_padding_tablet=\u00bb70px||120px|\u00bb custom_padding_phone=\u00bb\u00bb global_colors_info=\u00bb{}\u00bb][et_pb_row column_structure=\u00bb1_2,1_2&#8243; _builder_version=\u00bb4.12.1&#8243; global_colors_info=\u00bb{}\u00bb][et_pb_column type=\u00bb1_2&#8243; _builder_version=\u00bb3.25&#8243; custom_padding=\u00bb70px||70px|\u00bb global_colors_info=\u00bb{}\u00bb custom_padding__hover=\u00bb|||\u00bb][et_pb_text admin_label=\u00bbTitle\u00bb _builder_version=\u00bb4.12.1&#8243; text_font=\u00bbNunito|600|||||||\u00bb text_font_size=\u00bb15px\u00bb header_font=\u00bb||||||||\u00bb header_2_font=\u00bbAbhaya Libre|700|||||||\u00bb header_2_font_size=\u00bb64px\u00bb header_2_line_height=\u00bb1.2em\u00bb header_4_font=\u00bbNunito|700||on|||||\u00bb header_4_text_color=\u00bb#bda392&#8243; header_4_letter_spacing=\u00bb2px\u00bb header_4_line_height=\u00bb1.8em\u00bb min_height=\u00bb130px\u00bb custom_margin=\u00bb-38px||-16px|||\u00bb animation_style=\u00bbslide\u00bb animation_direction=\u00bbright\u00bb animation_intensity_slide=\u00bb5%\u00bb animation_starting_opacity=\u00bb100%\u00bb header_font_size_tablet=\u00bb40px\u00bb header_font_size_last_edited=\u00bboff|desktop\u00bb header_2_font_size_tablet=\u00bb40px\u00bb header_2_font_size_phone=\u00bb\u00bb header_2_font_size_last_edited=\u00bbon|desktop\u00bb locked=\u00bboff\u00bb inline_fonts=\u00bbAnonymous Pro,Cambo,Averia Libre,Noto Sans HK\u00bb global_colors_info=\u00bb{}\u00bb]<\/p>\n<h4>una d\u00e9cada en directo<\/h4>\n<h2>Televisi\u00f3n<\/h2>\n<p>[\/et_pb_text][et_pb_text _builder_version=\u00bb3.27.4&#8243; text_font=\u00bbNunito||||||||\u00bb text_font_size=\u00bb18px\u00bb text_line_height=\u00bb1.8em\u00bb header_font=\u00bb||||||||\u00bb custom_margin=\u00bb|||\u00bb custom_padding=\u00bb||10px|\u00bb animation_style=\u00bbslide\u00bb animation_direction=\u00bbright\u00bb animation_intensity_slide=\u00bb5%\u00bb animation_starting_opacity=\u00bb100%\u00bb locked=\u00bboff\u00bb global_colors_info=\u00bb{}\u00bb]<\/p>\n<p style=\"text-align: justify;\">En <span style=\"color: #686868;\">1990 protagonizamos junto al grupo <strong>Atiza<\/strong> la primera serie con marionetas realizada en Andaluc\u00eda: <strong>La Isla de Flora<\/strong>. Sus personajes Tico, Flora y Ulises pronto se convirtieron en un fen\u00f3meno de masas, contando con miles de espectadores en la peque\u00f1a pantalla. A esta le siguieron dos producciones m\u00e1s, <strong>Taller de Trapos<\/strong> (1995-1996) y <strong>La Mochila<\/strong> (2000) y los proyectos inacabados <strong>El Globo Azul<\/strong> (2000) y <strong>La Biblioteca de Max<\/strong> (1999). En esta secci\u00f3n podr\u00e1s encontrar una galer\u00eda con fotograf\u00edas de los rodajes, material promocional y v\u00eddeos exclusivos de nuestras producciones.\u00a0\u00a0<\/span> \u00a0<\/p>\n<p>[\/et_pb_text][\/et_pb_column][et_pb_column type=\u00bb1_2&#8243; _builder_version=\u00bb3.25&#8243; custom_padding=\u00bb|||\u00bb global_colors_info=\u00bb{}\u00bb custom_padding__hover=\u00bb|||\u00bb][et_pb_image src=\u00bbhttp:\/\/www.factoriadetrapos.com\/wp-content\/uploads\/2021\/11\/doc03060820211023182630_001-1.jpg\u00bb title_text=\u00bbdoc03060820211023182630_001&#8243; align_tablet=\u00bbcenter\u00bb align_phone=\u00bbcenter\u00bb align_last_edited=\u00bbon|desktop\u00bb _builder_version=\u00bb4.12.1&#8243; animation_style=\u00bbslide\u00bb animation_direction=\u00bbleft\u00bb animation_intensity_slide=\u00bb5%\u00bb animation_starting_opacity=\u00bb100%\u00bb border_radii=\u00bbon|6px|6px|6px|6px\u00bb box_shadow_style=\u00bbpreset3&#8243; box_shadow_vertical=\u00bb35px\u00bb box_shadow_blur=\u00bb70px\u00bb box_shadow_spread=\u00bb-35px\u00bb box_shadow_color=\u00bbrgba(0,0,0,0.6)\u00bb locked=\u00bboff\u00bb global_colors_info=\u00bb{}\u00bb][\/et_pb_image][\/et_pb_column][\/et_pb_row][\/et_pb_section][et_pb_section fb_built=\u00bb1&#8243; admin_label=\u00bbBest Selling Books Section\u00bb _builder_version=\u00bb4.12.1&#8243; background_color=\u00bb#0C71C3&#8243; custom_padding=\u00bb29px||101px|||\u00bb top_divider_color=\u00bb#f4f4f4&#8243; global_colors_info=\u00bb{}\u00bb][et_pb_row _builder_version=\u00bb3.25&#8243; global_colors_info=\u00bb{}\u00bb][et_pb_column type=\u00bb4_4&#8243; _builder_version=\u00bb3.25&#8243; custom_padding=\u00bb|||\u00bb global_colors_info=\u00bb{}\u00bb custom_padding__hover=\u00bb|||\u00bb][et_pb_text admin_label=\u00bbTitle\u00bb _builder_version=\u00bb3.27.4&#8243; text_font=\u00bbNunito|600|||||||\u00bb text_font_size=\u00bb15px\u00bb header_font=\u00bb||||||||\u00bb header_2_font=\u00bbAbhaya Libre|700|||||||\u00bb header_2_font_size=\u00bb64px\u00bb header_2_line_height=\u00bb1.2em\u00bb header_4_font=\u00bbNunito|700||on|||||\u00bb header_4_text_color=\u00bb#bda392&#8243; header_4_letter_spacing=\u00bb2px\u00bb header_4_line_height=\u00bb1.8em\u00bb header_6_font=\u00bbNunito|600|||||||\u00bb header_6_text_color=\u00bb#666666&#8243; header_6_font_size=\u00bb18px\u00bb header_6_line_height=\u00bb1.4em\u00bb text_orientation=\u00bbcenter\u00bb custom_margin=\u00bb|||\u00bb animation_style=\u00bbfade\u00bb animation_direction=\u00bbright\u00bb animation_starting_opacity=\u00bb100%\u00bb header_font_size_tablet=\u00bb40px\u00bb header_font_size_last_edited=\u00bboff|desktop\u00bb header_2_font_size_tablet=\u00bb40px\u00bb header_2_font_size_phone=\u00bb\u00bb header_2_font_size_last_edited=\u00bbon|desktop\u00bb locked=\u00bboff\u00bb global_colors_info=\u00bb{}\u00bb]<\/p>\n<h2><span style=\"color: #ffffff;\">Galer\u00eda de fotos<\/span><\/h2>\n<p>[\/et_pb_text][\/et_pb_column][\/et_pb_row][et_pb_row use_custom_gutter=\u00bbon\u00bb gutter_width=\u00bb1&#8243; _builder_version=\u00bb4.12.1&#8243; _module_preset=\u00bbdefault\u00bb custom_padding=\u00bb9px|||||\u00bb global_colors_info=\u00bb{}\u00bb][et_pb_column type=\u00bb4_4&#8243; _builder_version=\u00bb4.12.1&#8243; _module_preset=\u00bbdefault\u00bb global_colors_info=\u00bb{}\u00bb][et_pb_gallery gallery_ids=\u00bb273,274,270,276,272,279,394,271,269,275,278,280,400,395,396,392,393,267,390,391&#8243; posts_number=\u00bb20&#8243; orientation=\u00bbportrait\u00bb show_title_and_caption=\u00bboff\u00bb show_pagination=\u00bboff\u00bb _builder_version=\u00bb4.12.1&#8243; _module_preset=\u00bbdefault\u00bb animation_style=\u00bbroll\u00bb animation_duration=\u00bb1400ms\u00bb animation_intensity_roll=\u00bb59%\u00bb global_colors_info=\u00bb{}\u00bb][\/et_pb_gallery][\/et_pb_column][\/et_pb_row][\/et_pb_section][et_pb_section fb_built=\u00bb1&#8243; admin_label=\u00bbFun Fact Section\u00bb _builder_version=\u00bb3.22&#8243; custom_padding=\u00bb0px||100px|||\u00bb global_colors_info=\u00bb{}\u00bb][et_pb_row _builder_version=\u00bb4.12.1&#8243; _module_preset=\u00bbdefault\u00bb global_colors_info=\u00bb{}\u00bb][et_pb_column type=\u00bb4_4&#8243; _builder_version=\u00bb4.12.1&#8243; _module_preset=\u00bbdefault\u00bb global_colors_info=\u00bb{}\u00bb][et_pb_text admin_label=\u00bbTitle\u00bb _builder_version=\u00bb4.12.1&#8243; text_font=\u00bbNunito|600|||||||\u00bb text_font_size=\u00bb15px\u00bb header_font=\u00bb||||||||\u00bb header_2_font=\u00bbAbhaya Libre|700|||||||\u00bb header_2_font_size=\u00bb64px\u00bb header_2_line_height=\u00bb1.2em\u00bb header_4_font=\u00bbNunito|700||on|||||\u00bb header_4_text_color=\u00bb#bda392&#8243; header_4_letter_spacing=\u00bb2px\u00bb header_4_line_height=\u00bb1.8em\u00bb custom_margin=\u00bb38px||40px|||\u00bb animation_style=\u00bbslide\u00bb animation_direction=\u00bbright\u00bb animation_intensity_slide=\u00bb5%\u00bb animation_starting_opacity=\u00bb100%\u00bb header_font_size_tablet=\u00bb40px\u00bb header_font_size_last_edited=\u00bboff|desktop\u00bb header_2_font_size_tablet=\u00bb40px\u00bb header_2_font_size_phone=\u00bb\u00bb header_2_font_size_last_edited=\u00bbon|desktop\u00bb locked=\u00bboff\u00bb global_colors_info=\u00bb{}\u00bb]<\/p>\n<h4>p\u00e1ginas locas: minutos musicales<\/h4>\n<h2>La Isla de Flora (1990-1992)<\/h2>\n<p>[\/et_pb_text][et_pb_video src=\u00bbhttp:\/\/www.factoriadetrapos.com\/wp-content\/uploads\/2021\/11\/Pa\u0301ginaslocas.mov\u00bb image_src=\u00bbhttp:\/\/www.factoriadetrapos.com\/wp-content\/uploads\/2021\/11\/ISLAFLORAWEB-01.png\u00bb _builder_version=\u00bb4.12.1&#8243; _module_preset=\u00bbdefault\u00bb global_colors_info=\u00bb{}\u00bb][\/et_pb_video][\/et_pb_column][\/et_pb_row][et_pb_row _builder_version=\u00bb4.12.1&#8243; _module_preset=\u00bbdefault\u00bb global_colors_info=\u00bb{}\u00bb][et_pb_column type=\u00bb4_4&#8243; _builder_version=\u00bb4.12.1&#8243; _module_preset=\u00bbdefault\u00bb global_colors_info=\u00bb{}\u00bb][et_pb_text admin_label=\u00bbTitle\u00bb _builder_version=\u00bb4.12.1&#8243; text_font=\u00bbNunito|600|||||||\u00bb text_font_size=\u00bb15px\u00bb header_font=\u00bb||||||||\u00bb header_2_font=\u00bbAbhaya Libre|700|||||||\u00bb header_2_font_size=\u00bb64px\u00bb header_2_line_height=\u00bb1.2em\u00bb header_4_font=\u00bbNunito|700||on|||||\u00bb header_4_text_color=\u00bb#bda392&#8243; header_4_letter_spacing=\u00bb2px\u00bb header_4_line_height=\u00bb1.8em\u00bb custom_margin=\u00bb20px||40px|||\u00bb animation_style=\u00bbslide\u00bb animation_direction=\u00bbright\u00bb animation_intensity_slide=\u00bb5%\u00bb animation_starting_opacity=\u00bb100%\u00bb header_font_size_tablet=\u00bb40px\u00bb header_font_size_last_edited=\u00bboff|desktop\u00bb header_2_font_size_tablet=\u00bb40px\u00bb header_2_font_size_phone=\u00bb\u00bb header_2_font_size_last_edited=\u00bbon|desktop\u00bb locked=\u00bboff\u00bb global_colors_info=\u00bb{}\u00bb]<\/p>\n<h4>making off: detr\u00e1s de las escenas<\/h4>\n<h2>Taller de Trapos (1995-1996)<\/h2>\n<p>[\/et_pb_text][et_pb_video src=\u00bbhttp:\/\/www.factoriadetrapos.com\/wp-content\/uploads\/2021\/11\/Makingoff.mp4&#8243; image_src=\u00bbhttp:\/\/www.factoriadetrapos.com\/wp-content\/uploads\/2021\/11\/TALLERWEB-01.png\u00bb _builder_version=\u00bb4.12.1&#8243; _module_preset=\u00bbdefault\u00bb global_colors_info=\u00bb{}\u00bb][\/et_pb_video][\/et_pb_column][\/et_pb_row][et_pb_row _builder_version=\u00bb4.12.1&#8243; _module_preset=\u00bbdefault\u00bb global_colors_info=\u00bb{}\u00bb][et_pb_column type=\u00bb4_4&#8243; _builder_version=\u00bb4.12.1&#8243; _module_preset=\u00bbdefault\u00bb global_colors_info=\u00bb{}\u00bb][et_pb_text admin_label=\u00bbTitle\u00bb _builder_version=\u00bb4.12.1&#8243; text_font=\u00bbNunito|600|||||||\u00bb text_font_size=\u00bb15px\u00bb header_font=\u00bb||||||||\u00bb header_2_font=\u00bbAbhaya Libre|700|||||||\u00bb header_2_font_size=\u00bb64px\u00bb header_2_line_height=\u00bb1.2em\u00bb header_4_font=\u00bbNunito|700||on|||||\u00bb header_4_text_color=\u00bb#bda392&#8243; header_4_letter_spacing=\u00bb2px\u00bb header_4_line_height=\u00bb1.8em\u00bb custom_margin=\u00bb20px||40px|||\u00bb animation_style=\u00bbslide\u00bb animation_direction=\u00bbright\u00bb animation_intensity_slide=\u00bb5%\u00bb animation_starting_opacity=\u00bb100%\u00bb header_font_size_tablet=\u00bb40px\u00bb header_font_size_last_edited=\u00bboff|desktop\u00bb header_2_font_size_tablet=\u00bb40px\u00bb header_2_font_size_phone=\u00bb\u00bb header_2_font_size_last_edited=\u00bbon|desktop\u00bb locked=\u00bboff\u00bb global_colors_info=\u00bb{}\u00bb]<\/p>\n<h4>intro: cabecera del programa piloto<\/h4>\n<h2>La Biblioteca de Max (1999)<\/h2>\n<p>[\/et_pb_text][et_pb_video src=\u00bbhttp:\/\/www.factoriadetrapos.com\/wp-content\/uploads\/2021\/11\/Intro-La-Biblioteca-de-Max.mov\u00bb image_src=\u00bbhttp:\/\/www.factoriadetrapos.com\/wp-content\/uploads\/2021\/11\/bIBLIO-01.png\u00bb _builder_version=\u00bb4.12.1&#8243; _module_preset=\u00bbdefault\u00bb global_colors_info=\u00bb{}\u00bb][\/et_pb_video][\/et_pb_column][\/et_pb_row][\/et_pb_section][et_pb_section fb_built=\u00bb1&#8243; _builder_version=\u00bb4.12.1&#8243; _module_preset=\u00bbdefault\u00bb background_color=\u00bb#0C71C3&#8243; custom_padding=\u00bb||5px|||\u00bb global_colors_info=\u00bb{}\u00bb][et_pb_row _builder_version=\u00bb4.12.1&#8243; custom_padding=\u00bb20px||0px|||\u00bb global_colors_info=\u00bb{}\u00bb custom_margin=\u00bb-51px|auto||auto||\u00bb][et_pb_column type=\u00bb4_4&#8243; _builder_version=\u00bb3.25&#8243; custom_padding=\u00bb70px||70px|\u00bb global_colors_info=\u00bb{}\u00bb custom_padding__hover=\u00bb|||\u00bb][et_pb_text admin_label=\u00bbTitle\u00bb _builder_version=\u00bb4.12.1&#8243; text_font=\u00bbNunito|600|||||||\u00bb text_font_size=\u00bb15px\u00bb header_font=\u00bb||||||||\u00bb header_2_font=\u00bbAbhaya Libre|700|||||||\u00bb header_2_font_size=\u00bb64px\u00bb header_2_line_height=\u00bb1.2em\u00bb header_4_font=\u00bbNunito|700||on|||||\u00bb header_4_text_color=\u00bb#bda392&#8243; header_4_letter_spacing=\u00bb2px\u00bb header_4_line_height=\u00bb1.8em\u00bb min_height=\u00bb130px\u00bb custom_margin=\u00bb-38px||-16px|||\u00bb animation_style=\u00bbslide\u00bb animation_direction=\u00bbright\u00bb animation_intensity_slide=\u00bb5%\u00bb animation_starting_opacity=\u00bb100%\u00bb header_font_size_tablet=\u00bb40px\u00bb header_font_size_last_edited=\u00bboff|desktop\u00bb header_2_font_size_tablet=\u00bb40px\u00bb header_2_font_size_phone=\u00bb\u00bb header_2_font_size_last_edited=\u00bbon|desktop\u00bb locked=\u00bboff\u00bb inline_fonts=\u00bbAnonymous Pro,Cambo,Averia Libre,Noto Sans HK\u00bb global_colors_info=\u00bb{}\u00bb]<\/p>\n<h4><span style=\"color: #ffffff;\">\u00a0contenido online<\/span><\/h4>\n<h2><span style=\"color: #ffffff;\">En la red\u00a0<\/span><\/h2>\n<p>[\/et_pb_text][et_pb_text _builder_version=\u00bb4.12.1&#8243; text_font=\u00bbNunito||||||||\u00bb text_font_size=\u00bb18px\u00bb text_line_height=\u00bb1.8em\u00bb header_font=\u00bb||||||||\u00bb custom_margin=\u00bb|||\u00bb custom_padding=\u00bb||10px|\u00bb animation_style=\u00bbslide\u00bb animation_direction=\u00bbright\u00bb animation_intensity_slide=\u00bb5%\u00bb animation_starting_opacity=\u00bb100%\u00bb locked=\u00bboff\u00bb global_colors_info=\u00bb{}\u00bb]<\/p>\n<p style=\"text-align: justify;\"><span style=\"color: #ffffff;\">Si te quedaste con ganas de m\u00e1s puedes acceder al canal de YouTube de <strong>LaBandaTV. <\/strong>All\u00ed encontrar\u00e1s m\u00e1s de <strong>100 cap\u00edtulos<\/strong> de <strong>La Isla de Flora<\/strong>. Pincha el siguiente bot\u00f3n y te redirigiremos directamente all\u00ed:\u00a0<\/span><\/p>\n<p>[\/et_pb_text][et_pb_button button_url=\u00bbhttps:\/\/www.youtube.com\/watch?v=MJJKjBuc-uw&#038;list=PLua4zviuArT-RmPmz7KOVylq9DFp7fUQv&#038;ab_channel=LaBandaTv\u00bb button_text=\u00bbEPISODIOS LA ISLA DE FLORA\u00bb _builder_version=\u00bb4.12.1&#8243; custom_button=\u00bbon\u00bb button_text_size=\u00bb14px\u00bb button_text_color=\u00bb#FFFFFF\u00bb button_bg_color=\u00bb#E09900&#8243; button_border_width=\u00bb8px\u00bb button_border_color=\u00bb#E09900&#8243; button_letter_spacing=\u00bb2px\u00bb button_font=\u00bbNunito|700||on|||||\u00bb button_use_icon=\u00bboff\u00bb custom_margin=\u00bb30px|||\u00bb custom_margin_tablet=\u00bb|||\u00bb custom_margin_phone=\u00bb\u00bb custom_margin_last_edited=\u00bbon|tablet\u00bb animation_style=\u00bbslide\u00bb animation_direction=\u00bbright\u00bb animation_intensity_slide=\u00bb5%\u00bb animation_starting_opacity=\u00bb100%\u00bb box_shadow_style=\u00bbpreset2&#8243; box_shadow_horizontal=\u00bb0px\u00bb box_shadow_vertical=\u00bb25px\u00bb box_shadow_blur=\u00bb45px\u00bb box_shadow_color=\u00bbrgba(148,166,191,0.25)\u00bb locked=\u00bboff\u00bb global_colors_info=\u00bb{}\u00bb button_text_size__hover_enabled=\u00bboff\u00bb button_one_text_size__hover_enabled=\u00bboff\u00bb button_two_text_size__hover_enabled=\u00bboff\u00bb button_text_color__hover_enabled=\u00bboff\u00bb button_one_text_color__hover_enabled=\u00bboff\u00bb button_two_text_color__hover_enabled=\u00bboff\u00bb button_border_width__hover_enabled=\u00bboff\u00bb button_one_border_width__hover_enabled=\u00bboff\u00bb button_two_border_width__hover_enabled=\u00bboff\u00bb button_border_color__hover_enabled=\u00bboff\u00bb button_one_border_color__hover_enabled=\u00bboff\u00bb button_two_border_color__hover_enabled=\u00bboff\u00bb button_border_radius__hover_enabled=\u00bboff\u00bb button_one_border_radius__hover_enabled=\u00bboff\u00bb button_two_border_radius__hover_enabled=\u00bboff\u00bb button_letter_spacing__hover_enabled=\u00bboff\u00bb button_one_letter_spacing__hover_enabled=\u00bboff\u00bb button_two_letter_spacing__hover_enabled=\u00bboff\u00bb button_bg_color__hover_enabled=\u00bboff\u00bb button_one_bg_color__hover_enabled=\u00bboff\u00bb button_two_bg_color__hover_enabled=\u00bboff\u00bb][\/et_pb_button][\/et_pb_column][\/et_pb_row][\/et_pb_section]<\/p>\n","protected":false},"excerpt":{"rendered":"<p>una d\u00e9cada en directo Televisi\u00f3nEn 1990 protagonizamos junto al grupo Atiza la primera serie con marionetas realizada en Andaluc\u00eda: La Isla de Flora. Sus personajes Tico, Flora y Ulises pronto se convirtieron en un fen\u00f3meno de masas, contando con miles de espectadores en la peque\u00f1a pantalla. A esta le siguieron dos producciones m\u00e1s, Taller de [&hellip;]<\/p>\n","protected":false},"author":1,"featured_media":0,"parent":0,"menu_order":0,"comment_status":"closed","ping_status":"closed","template":"","meta":{"_et_pb_use_builder":"on","_et_pb_old_content":"<!-- wp:divi\/placeholder \/-->","_et_gb_content_width":"","footnotes":""},"class_list":["post-39","page","type-page","status-publish","hentry"],"_links":{"self":[{"href":"http:\/\/www.factoriadetrapos.com\/index.php\/wp-json\/wp\/v2\/pages\/39","targetHints":{"allow":["GET"]}}],"collection":[{"href":"http:\/\/www.factoriadetrapos.com\/index.php\/wp-json\/wp\/v2\/pages"}],"about":[{"href":"http:\/\/www.factoriadetrapos.com\/index.php\/wp-json\/wp\/v2\/types\/page"}],"author":[{"embeddable":true,"href":"http:\/\/www.factoriadetrapos.com\/index.php\/wp-json\/wp\/v2\/users\/1"}],"replies":[{"embeddable":true,"href":"http:\/\/www.factoriadetrapos.com\/index.php\/wp-json\/wp\/v2\/comments?post=39"}],"version-history":[{"count":24,"href":"http:\/\/www.factoriadetrapos.com\/index.php\/wp-json\/wp\/v2\/pages\/39\/revisions"}],"predecessor-version":[{"id":558,"href":"http:\/\/www.factoriadetrapos.com\/index.php\/wp-json\/wp\/v2\/pages\/39\/revisions\/558"}],"wp:attachment":[{"href":"http:\/\/www.factoriadetrapos.com\/index.php\/wp-json\/wp\/v2\/media?parent=39"}],"curies":[{"name":"wp","href":"https:\/\/api.w.org\/{rel}","templated":true}]}}